{"id":191314,"date":"2023-11-15T17:56:18","date_gmt":"2023-11-15T17:56:18","guid":{"rendered":"https:\/\/radiofenix.com.ar\/2023\/?page_id=191314"},"modified":"2023-11-15T19:05:36","modified_gmt":"2023-11-15T19:05:36","slug":"sobre-nosotros","status":"publish","type":"page","link":"https:\/\/radiofenix.com.ar\/2023\/sobre-nosotros\/","title":{"rendered":"Sobre nosotros"},"content":{"rendered":"\n<p>En el coraz\u00f3n de Arruf\u00f3, una peque\u00f1a localidad que late al ritmo de la diversidad y la calidez de su gente, surge Radio Arruf\u00f3, tu compa\u00f1\u00eda sonora para todos los momentos. Somos m\u00e1s que una emisora; somos el v\u00ednculo auditivo que une a esta maravillosa comunidad.<\/p>\n\n\n\n<p>En Radio Arruf\u00f3, entendemos que la m\u00fasica y la programaci\u00f3n son la banda sonora de la vida, y es por eso que ofrecemos una variedad de programas pensados para toda la familia. Desde los \u00e9xitos cl\u00e1sicos que todos amamos hasta las \u00faltimas novedades, nuestra programaci\u00f3n abarca g\u00e9neros para todos los gustos. \u00bfTe gustar\u00eda comenzar el d\u00eda con energ\u00eda? Sintoniza nuestro espacio matutino lleno de alegr\u00eda y vitalidad. \u00bfBuscas relajarte despu\u00e9s de un largo d\u00eda? Nuestros programas vespertinos te envolver\u00e1n con melod\u00edas suaves y amenas.<\/p>\n\n\n\n<p>Pero en Radio Arruf\u00f3 no solo nos limitamos a la m\u00fasica; tambi\u00e9n somos tu fuente de informaci\u00f3n local. Mantente al tanto de las noticias y eventos de Arruf\u00f3 y sus alrededores con nuestros segmentos informativos y entrevistas a personalidades locales. Queremos ser el puente que conecta a la comunidad, compartiendo historias, eventos y logros que nos hacen \u00fanicos.<\/p>\n\n\n\n<p>Detr\u00e1s de cada nota musical y cada palabra que sale al aire, hay un equipo comprometido y apasionado que trabaja incansablemente para ofrecerte lo mejor. Nos enorgullece ser parte de esta comunidad y contribuir a su vibrante cultura.<\/p>\n\n\n\n<p>Gracias por elegirnos como tu estaci\u00f3n de radio de confianza. En Radio Arruf\u00f3, somos m\u00e1s que una frecuencia: somos tu compa\u00f1\u00eda, tu conexi\u00f3n con la m\u00fasica y la comunidad. \u00a1Sintoniza con nosotros y forma parte de esta experiencia sonora que es Radio Arruf\u00f3.<\/p>\n","protected":false},"excerpt":{"rendered":"<p>En el coraz\u00f3n de Arruf\u00f3, una peque\u00f1a localidad que late al ritmo de la diversidad&#8230;<\/p>\n","protected":false},"author":2,"featured_media":0,"parent":0,"menu_order":0,"comment_status":"closed","ping_status":"closed","template":"","meta":{"footnotes":""},"class_list":["post-191314","page","type-page","status-publish","hentry"],"_links":{"self":[{"href":"https:\/\/radiofenix.com.ar\/2023\/wp-json\/wp\/v2\/pages\/191314","targetHints":{"allow":["GET"]}}],"collection":[{"href":"https:\/\/radiofenix.com.ar\/2023\/wp-json\/wp\/v2\/pages"}],"about":[{"href":"https:\/\/radiofenix.com.ar\/2023\/wp-json\/wp\/v2\/types\/page"}],"author":[{"embeddable":true,"href":"https:\/\/radiofenix.com.ar\/2023\/wp-json\/wp\/v2\/users\/2"}],"replies":[{"embeddable":true,"href":"https:\/\/radiofenix.com.ar\/2023\/wp-json\/wp\/v2\/comments?post=191314"}],"version-history":[{"count":2,"href":"https:\/\/radiofenix.com.ar\/2023\/wp-json\/wp\/v2\/pages\/191314\/revisions"}],"predecessor-version":[{"id":191386,"href":"https:\/\/radiofenix.com.ar\/2023\/wp-json\/wp\/v2\/pages\/191314\/revisions\/191386"}],"wp:attachment":[{"href":"https:\/\/radiofenix.com.ar\/2023\/wp-json\/wp\/v2\/media?parent=191314"}],"curies":[{"name":"wp","href":"https:\/\/api.w.org\/{rel}","templated":true}]}}